
{"id":4145,"date":"2026-07-21T22:00:16","date_gmt":"2026-07-21T20:00:16","guid":{"rendered":"https:\/\/bezaubernd.bayern\/?page_id=4145"},"modified":"2026-08-07T15:26:23","modified_gmt":"2026-08-07T13:26:23","slug":"brautkleider-tirschenreuth-landkreis","status":"publish","type":"page","link":"https:\/\/bezaubernd.bayern\/cs\/brautkleider-tirschenreuth-landkreis\/","title":{"rendered":"Svatebn\u00ed \u0161aty okres Tirschenreuth"},"content":{"rendered":"<div class=\"row block-1754917978 rmt rmb  row-small\">\n\n<div class=\"col col-12 col-lg-6 block-wysiwyg\">\n<div class=\"container-inhalt container-vertikal-oben\">\n    <h1  style=\"color:#735e37; text-align:left;\">Svatebn\u00ed \u0161aty, dirndly a ve\u010dern\u00ed \u0161aty pro okres Tirschenreuth: Najd\u011bte sv\u00e9 vysn\u011bn\u00e9 \u0161aty p\u0159\u00edmo u zdroje v salonu bezaubernd<\/h1>\n    <p data-path-to-node=\"4\">Jsi zasnouben\u00fd, p\u0159\u00edpravy na svatbu jsou v pln\u00e9m proudu a ty hled\u00e1\u0161 perfektn\u00ed <strong>Svatebn\u00ed \u0161aty v zemsk\u00e9m okrese Tirschenreuth<\/strong>Srde\u010dn\u00e9 gratulace! Kv\u016fli hled\u00e1n\u00ed sv\u00fdch vysn\u011bn\u00fdch \u0161at\u016f nemus\u00ed\u0161 jezdit daleko do v\u011bt\u0161\u00edch m\u011bst.<\/p>\n<p data-path-to-node=\"4\">Nebo\u0165 \u2013 dobro je tak bl\u00edzko: P\u0159\u00edmo zde v srdci okresu, v Mitterteichu, na v\u00e1s \u010dek\u00e1 u <strong>o\u010daruj\u00edc\u00ed<\/strong> Zcela va\u0161e vlastn\u00ed <strong>O\u00e1za svatebn\u00ed m\u00f3dy<\/strong>.<\/p>\n<p data-path-to-node=\"5\">U n\u00e1s se v\u0161echno to\u010d\u00ed jen kolem tebe, tv\u00fdch p\u0159\u00e1n\u00ed a tv\u00e9ho velk\u00e9ho dne \u2013 <strong>zcela bez stresu<\/strong> a dlouh\u00e9 doby j\u00edzdy.<\/p>\n\n    <div class=\"block-links\" style=\"width:100%; justify-content:flex-start;\"><a class=\"btn btn-primary  hero-link-first\" href=\"https:\/\/bezaubernd.bayern\/cs\/kollektionen\/brautkleider\/\" target=\"\">Najd\u011bte sv\u00e9 vysn\u011bn\u00e9 \u0161aty<\/a>\n    <\/div>\n<\/div><\/div>            <link rel=\"stylesheet\" type=\"text\/css\" href=\"https:\/\/bezaubernd.bayern\/wp-content\/themes\/boxed-theme\/includes\/blocks\/block_wysiwyg\/style.css\">\n            \n<div class=\"col col-12 col-lg-6 block-image\"style=\"padding-top:50px;\">\n\n        <div class=\"block-image\">\n            <img decoding=\"async\" src=\"https:\/\/bezaubernd.bayern\/wp-content\/uploads\/2026\/07\/brautkleid-melrose-milani-bezaubernd-tirschenreuth-region.jpg-scaled-960x1440.jpg\" class=\"desk-img\" alt=\"Desktop Version\">\n            <img decoding=\"async\" src=\"https:\/\/bezaubernd.bayern\/wp-content\/uploads\/2026\/07\/brautkleid-melrose-milani-bezaubernd-tirschenreuth-region.jpg-scaled-576x864.jpg\" class=\"mob-img\" alt=\"Mobile Version\">\n        <\/div>\n    <\/div>\n\n\n            <link rel=\"stylesheet\" type=\"text\/css\" href=\"https:\/\/bezaubernd.bayern\/wp-content\/themes\/boxed-theme\/includes\/blocks\/block_image\/style.css\">\n            <\/div>\n\n\n<div class=\"row block-550472367  row-small\">\n\n<div class=\"col col-12 col-lg-6 block-image\"style=\"padding-top:50px;\">\n\n        <div class=\"block-image\">\n            <img decoding=\"async\" src=\"https:\/\/bezaubernd.bayern\/wp-content\/uploads\/2026\/08\/abendkleid-glitzer-rosa-luxuar-tirschenreuth-region.jpg-960x960.jpg\" class=\"desk-img\" alt=\"Desktop Version\">\n            <img decoding=\"async\" src=\"https:\/\/bezaubernd.bayern\/wp-content\/uploads\/2026\/08\/abendkleid-glitzer-rosa-luxuar-tirschenreuth-region.jpg-576x576.jpg\" class=\"mob-img\" alt=\"Mobile Version\">\n        <\/div>\n    <\/div>\n\n\n            <link rel=\"stylesheet\" type=\"text\/css\" href=\"https:\/\/bezaubernd.bayern\/wp-content\/themes\/boxed-theme\/includes\/blocks\/block_image\/style.css\">\n            \n<div class=\"col col-12 col-lg-6 block-wysiwyg\">\n<div class=\"container-inhalt container-vertikal-oben\">\n    <h2  style=\"color:#735e37; text-align:left;\">Pro\u010d na tebe tv\u00e9 vysn\u011bn\u00e9 \u0161aty \u010dekaj\u00ed v zemsk\u00e9m lese Tirschenreuth<\/h2>\n    <p data-path-to-node=\"8\">Nev\u011bst\u00e1m z na\u0161eho domovsk\u00e9ho regionu nab\u00edz\u00edme exkluzivn\u00ed koncept, d\u00edky kter\u00e9mu se v\u00fdb\u011br \u0161at\u016f stane nezapomenuteln\u00fdm z\u00e1\u017eitkem:<\/p>\n<ul data-path-to-node=\"8\">\n<li>\n<p data-path-to-node=\"8,0,0\"><b data-path-to-node=\"8,0,0\" data-index-in-node=\"0\">Exkluzivn\u00ed soukrom\u00ed:<\/b> A\u0165 u\u017e k n\u00e1m do Mitterteichu p\u0159ijede\u0161 z Tirschenreuthu, Waldsassenu, Kemnathu, Wiesau, B\u00e4rnau, M\u00e4hringu nebo Pl\u00f6\u00dfbergu \u2013 u n\u00e1s pat\u0159\u00ed <strong>Tob\u011b a Tv\u00fdm spole\u010dn\u00edk\u016fm<\/strong> na\u0161e pln\u00e1 pozornost. Na\u0161e samostatn\u00e9 \u0161atny v\u00e1m zaru\u010d\u00ed soukromou atmosf\u00e9ru plnou pohody \u2013 <strong>bez ciz\u00edch pohled\u016f<\/strong>.<\/p>\n<\/li>\n<li>\n<p data-path-to-node=\"8,1,0\"><b data-path-to-node=\"8,1,0\" data-index-in-node=\"0\">Rozmanitost od vintage a\u017e po curvy:<\/b> Ka\u017ed\u00e1 nev\u011bsta je jedine\u010dn\u00e1. U n\u00e1s najde\u0161 s l\u00e1skou sestaven\u00fd v\u00fdb\u011br <strong>Velikost 34 a\u017e 60<\/strong>. A\u0165 u\u017e plynouc\u00ed boho sen, romantick\u00fd vintage styl, glamur\u00f3zn\u00ed princezna nebo modern\u00ed \u0161aty na radnici \u2013 m\u00e1me tv\u016fj ide\u00e1ln\u00ed model.<\/p>\n<\/li>\n<li>\n<p data-path-to-node=\"8,2,0\"><b data-path-to-node=\"8,2,0\" data-index-in-node=\"0\">Zn\u00e1m\u00e9 zna\u010dky:<\/b> Nab\u00edz\u00edme exkluzivn\u00ed a vysoce emocion\u00e1ln\u00ed designy od renomovan\u00fdch v\u00fdrobc\u016f, kte\u0159\u00ed jsou <strong>nejvy\u0161\u0161\u00ed kvalita<\/strong> a <strong>dokonal\u00e9 st\u0159ihy<\/strong> st\u00e1t.<\/p>\n<\/li>\n<\/ul>\n\n    <div class=\"block-links\" style=\"width:100%; justify-content:center;\"><a class=\"btn btn-primary  hero-link-first\" href=\"https:\/\/bezaubernd.bayern\/cs\/kollektionen\/abendkleider\/\" target=\"\">Najdi si sv\u00e9 spole\u010densk\u00e9 \u0161aty<\/a>\n    <\/div>\n<\/div><\/div>            <link rel=\"stylesheet\" type=\"text\/css\" href=\"https:\/\/bezaubernd.bayern\/wp-content\/themes\/boxed-theme\/includes\/blocks\/block_wysiwyg\/style.css\">\n            <\/div>\n\n\n<div class=\"row block-147159363  row-small\">\n\n<div class=\"col col-12 col-lg-6 block-wysiwyg\">\n<div class=\"container-inhalt container-vertikal-oben\">\n    <h2  style=\"color:#735e37; text-align:left;\">Kr\u00e1tk\u00e9 vzd\u00e1lenosti ve Stiftlandu a Steinwaldu: Va\u0161e cesta do Mitterteichu<\/h2>\n    <p data-path-to-node=\"10\">Jako nev\u011bsta z okresu Tirschenreuth to m\u00e1\u0161 obzvl\u00e1\u0161t\u011b pohodln\u00e9. N\u00e1\u0161 obchod v Mitterteichu je ze v\u0161ech kout\u016f na\u0161eho domovsk\u00e9ho regionu <strong>za n\u011bkolik minut<\/strong> dostupn\u00fd:<\/p>\n<ul>\n<li>\n<p data-path-to-node=\"3,2,0,0\"><b data-path-to-node=\"3,2,0,0\" data-index-in-node=\"0\">Z region\u016f Kemnath, Erbendorf a Wiesau:<\/b> Z Wiesau po silnici St2169 za pouh\u00e9 p\u0159ibli\u017en\u011b <b data-path-to-node=\"3,2,0,0\" data-index-in-node=\"77\">10 minut<\/b>, z oblasti Kemnath a Erbendorf po silnic\u00edch B22 a B299 nap\u0159\u00ed\u010d lesem Steinwald za cca. <b data-path-to-node=\"3,2,0,0\" data-index-in-node=\"178\">20 a\u017e 25 minut<\/b>.<\/p>\n<\/li>\n<li>\n<p data-path-to-node=\"3,2,1,0\"><b data-path-to-node=\"3,2,1,0\" data-index-in-node=\"0\">Z Waldsassenu a Neualbenreuthu:<\/b> Z Waldsassenu po silnici B299 (cca. <b data-path-to-node=\"3,2,1,0\" data-index-in-node=\"66\">10 minut<\/b>) nebo z Neualbenreuthu po silnici St2175 a B299 (cca. <b data-path-to-node=\"3,2,1,0\" data-index-in-node=\"131\">15 minut<\/b>).<\/p>\n<\/li>\n<li>\n<p data-path-to-node=\"3,2,2,0\"><b data-path-to-node=\"3,2,2,0\" data-index-in-node=\"0\">Z Tirschenreuthu, B\u00e4rnau a M\u00e4hringu:<\/b> Z Tirschenreuthu p\u0159\u00edmo po silnici B15 za necel\u00fdch <b data-path-to-node=\"3,2,2,0\" data-index-in-node=\"84\">10 minut<\/b>, z B\u00e4rnau (po silnici St2172) i z M\u00e4hringu (po silnici St2167) v\u017edy za cca. <b data-path-to-node=\"3,2,2,0\" data-index-in-node=\"176\">20 a\u017e 25 minut<\/b>.<\/p>\n<\/li>\n<\/ul>\n<p data-path-to-node=\"12\"><i data-path-to-node=\"12\" data-index-in-node=\"0\">V\u00e1\u0161 extra komfort:<\/i> Starosti s parkov\u00e1n\u00edm u n\u00e1s neexistuj\u00ed. P\u0159\u00edmo p\u0159ed na\u0161\u00edm obchodem na v\u00e1s \u010dekaj\u00ed <strong>bezplatn\u00e1 parkov\u00e1n\u00ed<\/strong> k dispozici. Tv\u00e1 cesta je naprosto pohodov\u00e1.<\/p>\n\n    <div class=\"block-links\" style=\"width:100%; justify-content:flex-start;\"><a class=\"btn btn-primary  hero-link-first\" href=\"https:\/\/bezaubernd.bayern\/cs\/kollektionen\/dirndl\/\" target=\"\">Najdi sv\u016fj dirndl<\/a>\n    <\/div>\n<\/div><\/div>            <link rel=\"stylesheet\" type=\"text\/css\" href=\"https:\/\/bezaubernd.bayern\/wp-content\/themes\/boxed-theme\/includes\/blocks\/block_wysiwyg\/style.css\">\n            \n<div class=\"col col-12 col-lg-6 block-image\"style=\"padding-top:50px;\">\n\n        <div class=\"block-image\">\n            <img decoding=\"async\" src=\"https:\/\/bezaubernd.bayern\/wp-content\/uploads\/2026\/08\/dirndl-krueger-spitzenschuerze-bezaubernd-tirschenreuth.jpg-scaled-960x1439.jpg\" class=\"desk-img\" alt=\"Desktop Version\">\n            <img decoding=\"async\" src=\"https:\/\/bezaubernd.bayern\/wp-content\/uploads\/2026\/08\/dirndl-krueger-spitzenschuerze-bezaubernd-tirschenreuth.jpg-scaled-576x863.jpg\" class=\"mob-img\" alt=\"Mobile Version\">\n        <\/div>\n    <\/div>\n\n\n            <link rel=\"stylesheet\" type=\"text\/css\" href=\"https:\/\/bezaubernd.bayern\/wp-content\/themes\/boxed-theme\/includes\/blocks\/block_image\/style.css\">\n            <\/div>\n\n\n<div class=\"row block-1037842301 rmt row-small\">\n\n<div class=\"col col-12 col-lg-12 block-wysiwyg\">\n<div class=\"container-inhalt container-vertikal-oben\">\n    <h2  style=\"color:#735e37; text-align:left;\">Svatby &amp; Oslavy v okrese Tirschenreuth \u2013 stylov\u011b<\/h2>\n    <p data-path-to-node=\"14\">Na\u0161e vlast nab\u00edz\u00ed snov\u00e9 scen\u00e9rie pro svatby a oslavy. Bez ohledu na to, zda pl\u00e1nujete ob\u010dansk\u00fd s\u0148atek v historick\u00e9 <strong>Radnice v Tirschenreuthu<\/strong> pl\u00e1nuje\u0161, n\u011bjakou <strong>Ve\u010de\u0159e v Seenariu<\/strong> slav\u00ed\u0161 nebo v <strong>Bazilika ve Waldsassenu<\/strong> nebo zda se tv\u00e1 vysn\u011bn\u00e1 svatba na historick\u00e9m <strong>Hrad Falkenberg<\/strong> se kon\u00e1 nebo ty svatebn\u00ed ob\u0159ad pod \u0161ir\u00fdm nebem <strong>ve Fischhofparku<\/strong>, na \u00fapat\u00ed <strong>\u010cesk\u00e9ho lesa<\/strong>\u00a0nebo des <strong>Steinwaldovy<\/strong> Tv\u016fj outfit mus\u00ed ladit <strong>dokonale se hod\u00ed k tob\u011b a tv\u00e9mu m\u00edstu<\/strong>.<\/p>\n<p data-path-to-node=\"15\">Krom\u011b klasick\u00e9 svatebn\u00ed m\u00f3dy nab\u00edz\u00edme v Mitterteichu velk\u00fd v\u00fdb\u011br pro ka\u017edou slavnostn\u00ed p\u0159\u00edle\u017eitost v okrese:<\/p>\n<ul data-path-to-node=\"16\">\n<li>\n<p data-path-to-node=\"16,0,0\"><b data-path-to-node=\"16,0,0\" data-index-in-node=\"0\">Ve\u010dern\u00ed \u0161aty a \u0161aty na maturitn\u00ed plesy:<\/b> Elegantn\u00ed plesov\u00e9 \u0161aty a glamour ve\u010dern\u00ed m\u00f3da pro <strong>Maturitn\u00ed ples<\/strong> na Stiftland-gymn\u00e1ziu v Tirschenreuthu, na re\u00e1ln\u00fdch \u0161kol\u00e1ch v okrese a pro Tebe <strong>Svatebn\u00ed host\u00e9<\/strong> nebo matka nev\u011bsty.<\/p>\n<\/li>\n<li>\n<p data-path-to-node=\"16,1,0\"><b data-path-to-node=\"16,1,0\" data-index-in-node=\"0\">Svatebn\u00ed a tradi\u010dn\u00ed dirndl:<\/b> P\u016fvabn\u00e9 svatebn\u00ed dirndly ve v\u0161ech barv\u00e1ch nebo vysoce kvalitn\u00ed kroje v u\u0161lechtil\u00fdch barv\u00e1ch na p\u0159\u00ed\u0161t\u00ed <strong>Vesnick\u00e1 slavnost<\/strong>, die <strong>Kirwa<\/strong> nebo tradi\u010dn\u00ed <strong>Zejgla bende<\/strong> v regionu.<\/p>\n<\/li>\n<li>\n<p data-path-to-node=\"16,2,0\"><b data-path-to-node=\"16,2,0\" data-index-in-node=\"0\">Pro \u010destn\u00e9 d\u00e1my &amp; spolky:<\/b> Kr\u00e1sn\u00e1 <strong>Slavnostn\u00ed d\u00e1msk\u00fd dirndl<\/strong>, perfektn\u011b p\u0159izp\u016fsoben\u00e9 pro p\u0159\u00ed\u0161t\u00ed velkou hasi\u010dskou slavnost, ml\u00e1de\u017enickou slavnost nebo spolkov\u00e9 jubileum v okrese Tirschenreuth.<\/p>\n<\/li>\n<\/ul>\n<\/div><\/div>            <link rel=\"stylesheet\" type=\"text\/css\" href=\"https:\/\/bezaubernd.bayern\/wp-content\/themes\/boxed-theme\/includes\/blocks\/block_wysiwyg\/style.css\">\n            <\/div>\n\n\n<div class=\"row block-275887370 rmt row-small\">\n\n<div class=\"col col-12 col-lg-12 block-wysiwyg\">\n<div class=\"container-inhalt container-vertikal-oben\">\n    <h2  style=\"color:#735e37; text-align:left;\">Zarezervuj si sv\u016fj exkluzivn\u00ed term\u00edn konzultace te\u010f<\/h2>\n    <p data-path-to-node=\"18\">Jeliko\u017e na\u0161e \u0161atny \u2013 <strong>zejm\u00e9na v sobotu<\/strong> \u2013 jsou velmi \u017e\u00e1dan\u00e9, rezervujeme tento term\u00edn exklusivn\u011b pro tebe. Rezervuj si v\u010das sv\u016fj \u010das na hled\u00e1n\u00ed vysn\u011bn\u00fdch \u0161at\u016f.<\/p>\n<p data-path-to-node=\"18\">T\u011b\u0161\u00edme se, a\u017e v\u00e1s s tv\u00fdmi bl\u00edzk\u00fdmi p\u0159iv\u00edt\u00e1me u n\u00e1s v Mitterteichu!<\/p>\n\n    <div class=\"block-links\" style=\"width:100%; justify-content:flex-start;\"><a class=\"btn btn-primary  hero-link-first\" href=\"http:\/\/bezaubernd.bayern\/cs\/kontakt\/#wpcf7-f2899-p2764-o1\" target=\"\">Kontaktujte n\u00e1s nyn\u00ed<\/a><a class=\"btn btn-small hero-link-second\" href=\"https:\/\/wa.me\/+491733537401\" target=\"\"><img decoding=\"async\" src=\"https:\/\/bezaubernd.bayern\/wp-content\/uploads\/2025\/12\/whatsapp-brands-solid-full-1.svg\"><\/a>\n    <\/div>\n<\/div><\/div>            <link rel=\"stylesheet\" type=\"text\/css\" href=\"https:\/\/bezaubernd.bayern\/wp-content\/themes\/boxed-theme\/includes\/blocks\/block_wysiwyg\/style.css\">\n            <\/div>\n\n\n<div class=\"row block-995769566  row-small\">\n\n<div class=\"col col-12 col-lg-12 block-html\"style=\"padding-bottom:50px;\">\n<!-- Placeholder -->\r\n<div id=\"google-maps-placeholder\" style=\"width:100%; height:450px; background:#eee; display:flex; align-items:center; justify-content:center; flex-direction:column; border:1px solid #ccc;\">\r\n  <p>Chcete-li zobrazit tento kan\u00e1l, povolte pros\u00edm Google Maps v \r\n    <a href=\"javascript:CCM.openWidget();\">Nastaven\u00ed soubor\u016f cookie<\/a>\r\n  <\/p>\r\n<\/div>\r\n\r\n<!-- iframe -->\r\n<iframe id=\"google-maps-iframe\"\r\n  data-src=\"https:\/\/www.google.com\/maps\/embed?pb=!1m18!1m12!1m3!1d2567.186441032806!2d12.241218776827589!3d49.95160502315593!2m3!1f0!2f0!3f0!3m2!1i1024!2i768!4f13.1!3m3!1m2!1s0x47a0598bb79f993d%3A0x6998cf9d410357c9!2sOberer%20Marktpl.%203%2C%2095666%20Mitterteich!5e0!3m2!1sde!2sde!4v1770623051906!5m2!1sde!2sde\"\r\n  data-ccm-blocked=\"Google Maps\"\r\n  width=\"100%\" height=\"450\" style=\"border:0; display:none;\"\r\n  allowfullscreen=\"\" loading=\"lazy\">\r\n<\/iframe><\/div><\/div>\n\n\n<div class=\"row block-817236157\">\n<\/div>\n\n\n<div class=\"row block-317659982\">\n<\/div>\n\n\n<div class=\"row block-1487759579\">\n<\/div>\n\n\n<div class=\"row block-830626191\">\n<\/div>\n\n\n<div class=\"row block-1076610461\">\n<\/div>\n\n\n<div class=\"row block-385348451\">\n<\/div>\n\n\n<div class=\"row block-561410750\">\n<\/div>\n\n\n<div class=\"row block-1230453210\">\n<\/div>","protected":false},"excerpt":{"rendered":"","protected":false},"author":12,"featured_media":0,"parent":0,"menu_order":0,"comment_status":"closed","ping_status":"closed","template":"page-home.php","meta":{"_acf_changed":true,"footnotes":""},"class_list":["post-4145","page","type-page","status-publish","hentry"],"acf":[],"yoast_head":"<!-- This site is optimized with the Yoast SEO plugin v28.2 - https:\/\/yoast.com\/product\/yoast-seo-wordpress\/ -->\n<title>Brautkleider, Dirndl &amp; Abendmode f\u00fcr Tirschenreuth | bezaubernd<\/title>\n<meta name=\"description\" content=\"Traumkleid im Landkreis Tirschenreuth finden: Brautmode, Dirndl &amp; Abendkleider bei bezaubernd in Mitterteich. Jetzt Termin vereinbaren!\" \/>\n<meta name=\"robots\" content=\"index, follow, max-snippet:-1, max-image-preview:large, max-video-preview:-1\" \/>\n<link rel=\"canonical\" href=\"https:\/\/bezaubernd.bayern\/cs\/brautkleider-tirschenreuth-landkreis\/\" \/>\n<meta property=\"og:locale\" content=\"cs_CZ\" \/>\n<meta property=\"og:type\" content=\"article\" \/>\n<meta property=\"og:title\" content=\"Brautkleider, Dirndl &amp; Abendmode f\u00fcr Tirschenreuth | bezaubernd\" \/>\n<meta property=\"og:description\" content=\"Traumkleid im Landkreis Tirschenreuth finden: Brautmode, Dirndl &amp; Abendkleider bei bezaubernd in Mitterteich. Jetzt Termin vereinbaren!\" \/>\n<meta property=\"og:url\" content=\"https:\/\/bezaubernd.bayern\/cs\/brautkleider-tirschenreuth-landkreis\/\" \/>\n<meta property=\"og:site_name\" content=\"Bezaubernd Bayern\" \/>\n<meta property=\"article:modified_time\" content=\"2026-08-07T13:26:23+00:00\" \/>\n<meta name=\"twitter:card\" content=\"summary_large_image\" \/>\n<script type=\"application\/ld+json\" class=\"yoast-schema-graph\">{\"@context\":\"https:\\\/\\\/schema.org\",\"@graph\":[{\"@type\":\"WebPage\",\"@id\":\"https:\\\/\\\/bezaubernd.bayern\\\/brautkleider-tirschenreuth-landkreis\\\/\",\"url\":\"https:\\\/\\\/bezaubernd.bayern\\\/brautkleider-tirschenreuth-landkreis\\\/\",\"name\":\"Brautkleider, Dirndl & Abendmode f\u00fcr Tirschenreuth | bezaubernd\",\"isPartOf\":{\"@id\":\"https:\\\/\\\/bezaubernd.bayern\\\/#website\"},\"datePublished\":\"2026-07-21T20:00:16+00:00\",\"dateModified\":\"2026-08-07T13:26:23+00:00\",\"description\":\"Traumkleid im Landkreis Tirschenreuth finden: Brautmode, Dirndl & Abendkleider bei bezaubernd in Mitterteich. Jetzt Termin vereinbaren!\",\"breadcrumb\":{\"@id\":\"https:\\\/\\\/bezaubernd.bayern\\\/brautkleider-tirschenreuth-landkreis\\\/#breadcrumb\"},\"inLanguage\":\"cs\",\"potentialAction\":[{\"@type\":\"ReadAction\",\"target\":[\"https:\\\/\\\/bezaubernd.bayern\\\/brautkleider-tirschenreuth-landkreis\\\/\"]}]},{\"@type\":\"BreadcrumbList\",\"@id\":\"https:\\\/\\\/bezaubernd.bayern\\\/brautkleider-tirschenreuth-landkreis\\\/#breadcrumb\",\"itemListElement\":[{\"@type\":\"ListItem\",\"position\":1,\"name\":\"Startseite\",\"item\":\"https:\\\/\\\/bezaubernd.bayern\\\/\"},{\"@type\":\"ListItem\",\"position\":2,\"name\":\"Brautkleider Region Tirschenreuth\"}]},{\"@type\":\"WebSite\",\"@id\":\"https:\\\/\\\/bezaubernd.bayern\\\/#website\",\"url\":\"https:\\\/\\\/bezaubernd.bayern\\\/\",\"name\":\"Bezaubernd Bayern\",\"description\":\"f\u00fcr Dein Traumkleid, Deinen Moment und Dein Strahlen\",\"potentialAction\":[{\"@type\":\"SearchAction\",\"target\":{\"@type\":\"EntryPoint\",\"urlTemplate\":\"https:\\\/\\\/bezaubernd.bayern\\\/?s={search_term_string}\"},\"query-input\":{\"@type\":\"PropertyValueSpecification\",\"valueRequired\":true,\"valueName\":\"search_term_string\"}}],\"inLanguage\":\"cs\"}]}<\/script>\n<!-- \/ Yoast SEO plugin. -->","yoast_head_json":{"title":"Brautkleider, Dirndl & Abendmode f\u00fcr Tirschenreuth | bezaubernd","description":"Traumkleid im Landkreis Tirschenreuth finden: Brautmode, Dirndl & Abendkleider bei bezaubernd in Mitterteich. Jetzt Termin vereinbaren!","robots":{"index":"index","follow":"follow","max-snippet":"max-snippet:-1","max-image-preview":"max-image-preview:large","max-video-preview":"max-video-preview:-1"},"canonical":"https:\/\/bezaubernd.bayern\/cs\/brautkleider-tirschenreuth-landkreis\/","og_locale":"cs_CZ","og_type":"article","og_title":"Brautkleider, Dirndl & Abendmode f\u00fcr Tirschenreuth | bezaubernd","og_description":"Traumkleid im Landkreis Tirschenreuth finden: Brautmode, Dirndl & Abendkleider bei bezaubernd in Mitterteich. Jetzt Termin vereinbaren!","og_url":"https:\/\/bezaubernd.bayern\/cs\/brautkleider-tirschenreuth-landkreis\/","og_site_name":"Bezaubernd Bayern","article_modified_time":"2026-08-07T13:26:23+00:00","twitter_card":"summary_large_image","schema":{"@context":"https:\/\/schema.org","@graph":[{"@type":"WebPage","@id":"https:\/\/bezaubernd.bayern\/brautkleider-tirschenreuth-landkreis\/","url":"https:\/\/bezaubernd.bayern\/brautkleider-tirschenreuth-landkreis\/","name":"Brautkleider, Dirndl & Abendmode f\u00fcr Tirschenreuth | bezaubernd","isPartOf":{"@id":"https:\/\/bezaubernd.bayern\/#website"},"datePublished":"2026-07-21T20:00:16+00:00","dateModified":"2026-08-07T13:26:23+00:00","description":"Traumkleid im Landkreis Tirschenreuth finden: Brautmode, Dirndl & Abendkleider bei bezaubernd in Mitterteich. Jetzt Termin vereinbaren!","breadcrumb":{"@id":"https:\/\/bezaubernd.bayern\/brautkleider-tirschenreuth-landkreis\/#breadcrumb"},"inLanguage":"cs","potentialAction":[{"@type":"ReadAction","target":["https:\/\/bezaubernd.bayern\/brautkleider-tirschenreuth-landkreis\/"]}]},{"@type":"BreadcrumbList","@id":"https:\/\/bezaubernd.bayern\/brautkleider-tirschenreuth-landkreis\/#breadcrumb","itemListElement":[{"@type":"ListItem","position":1,"name":"Startseite","item":"https:\/\/bezaubernd.bayern\/"},{"@type":"ListItem","position":2,"name":"Brautkleider Region Tirschenreuth"}]},{"@type":"WebSite","@id":"https:\/\/bezaubernd.bayern\/#website","url":"https:\/\/bezaubernd.bayern\/","name":"O\u010daruj\u00edc\u00ed Bavorsko","description":"f\u00fcr Dein Traumkleid, Deinen Moment und Dein Strahlen","potentialAction":[{"@type":"SearchAction","target":{"@type":"EntryPoint","urlTemplate":"https:\/\/bezaubernd.bayern\/?s={search_term_string}"},"query-input":{"@type":"PropertyValueSpecification","valueRequired":true,"valueName":"search_term_string"}}],"inLanguage":"cs"}]}},"_links":{"self":[{"href":"https:\/\/bezaubernd.bayern\/cs\/wp-json\/wp\/v2\/pages\/4145","targetHints":{"allow":["GET"]}}],"collection":[{"href":"https:\/\/bezaubernd.bayern\/cs\/wp-json\/wp\/v2\/pages"}],"about":[{"href":"https:\/\/bezaubernd.bayern\/cs\/wp-json\/wp\/v2\/types\/page"}],"author":[{"embeddable":true,"href":"https:\/\/bezaubernd.bayern\/cs\/wp-json\/wp\/v2\/users\/12"}],"replies":[{"embeddable":true,"href":"https:\/\/bezaubernd.bayern\/cs\/wp-json\/wp\/v2\/comments?post=4145"}],"version-history":[{"count":0,"href":"https:\/\/bezaubernd.bayern\/cs\/wp-json\/wp\/v2\/pages\/4145\/revisions"}],"wp:attachment":[{"href":"https:\/\/bezaubernd.bayern\/cs\/wp-json\/wp\/v2\/media?parent=4145"}],"curies":[{"name":"wp","href":"https:\/\/api.w.org\/{rel}","templated":true}]}}