
{"id":4137,"date":"2026-07-18T09:57:35","date_gmt":"2026-07-18T07:57:35","guid":{"rendered":"https:\/\/bezaubernd.bayern\/?page_id=4137"},"modified":"2026-08-04T19:04:19","modified_gmt":"2026-08-04T17:04:19","slug":"brautkleider-weiden","status":"publish","type":"page","link":"https:\/\/bezaubernd.bayern\/cs\/brautkleider-weiden\/","title":{"rendered":"Svatebn\u00ed \u0161aty Weiden"},"content":{"rendered":"<div class=\"row block-1414394257 rmt rmb  row-small\">\n\n<div class=\"col col-12 col-lg-6 block-wysiwyg\"style=\"padding-top:50px;\">\n<div class=\"container-inhalt container-vertikal-oben\">\n    <h1  style=\"color:#735e37; text-align:left;\">Svatebn\u00ed \u0161aty pro Weiden: Najdi sv\u00e9 vysn\u011bn\u00e9 \u0161aty v salonu bezaubernd<\/h1>\n    <div class=\"n6owBd awi2gc\" data-sfc-cp=\"\" data-sfc-root=\"c\" data-sfc-cb=\"\" data-hveid=\"CAAIDBAC\" data-complete=\"true\" data-copy-service-computed-style=\"font-family: &quot;Google Sans&quot;, Arial, sans-serif; font-size: 16px; font-weight: 400; margin: 12px 0px 16px; text-decoration: none; border-bottom: 0px rgb(10, 10, 10);\">\n<p data-path-to-node=\"4\">Jsi zasnouben\u00fd\/\u00e1, pl\u00e1nov\u00e1n\u00ed svatby je v pln\u00e9m proudu a ty te\u010f hled\u00e1\u0161 perfektn\u00ed <strong>Svatebn\u00ed \u0161aty ve Weidenu v Horn\u00ed Falci<\/strong>Srde\u010dn\u00e9 gratulace k t\u00e9to vzru\u0161uj\u00edc\u00ed nov\u00e9 \u017eivotn\u00ed etap\u011b!<\/p>\n<p data-path-to-node=\"5\">Hled\u00e1n\u00ed toho spr\u00e1vn\u00e9ho svatebn\u00edho \u0161atu je vysoce emotivn\u00ed okam\u017eik. \u010casto je <strong>V\u00fdb\u011br svatebn\u00ed m\u00f3dy v Weidenu a okol\u00ed<\/strong> p\u0159ehledn\u00e1 nebo atmosf\u00e9ra ve velk\u00fdch obchodech p\u0159\u00edli\u0161 hektick\u00e1. U\u0161et\u0159i si stres: Jen kr\u00e1tkou j\u00edzdu autem od Weidenu na tebe v Mitterteichu \u010dek\u00e1 tv\u00e1 zcela osobn\u00ed o\u00e1za svatebn\u00ed m\u00f3dy. U <b data-path-to-node=\"5\" data-index-in-node=\"371\">o\u010daruj\u00edc\u00ed<\/b> to se v\u0161echno to\u010d\u00ed jen kolem tebe, tv\u00fdch p\u0159\u00e1n\u00ed a tv\u00e9ho velk\u00e9ho dne.<\/p>\n<p data-path-to-node=\"5\"><strong>Tuto zku\u0161enost ji\u017e mohlo za\u017e\u00edt mnoho nev\u011bst z regionu Weiden!<\/strong><\/p>\n<\/div>\n<p>&nbsp;<\/p>\n\n    <div class=\"block-links\" style=\"width:100%; justify-content:flex-start;\"><a class=\"btn btn-primary  hero-link-first\" href=\"https:\/\/bezaubernd.bayern\/cs\/kollektionen\/brautkleider\/\" target=\"\">Najdi sv\u00e9 svatebn\u00ed \u0161aty<\/a>\n    <\/div>\n<\/div><\/div>            <link rel=\"stylesheet\" type=\"text\/css\" href=\"https:\/\/bezaubernd.bayern\/wp-content\/themes\/boxed-theme\/includes\/blocks\/block_wysiwyg\/style.css\">\n            \n<div class=\"col col-12 col-lg-6 block-image\"style=\"padding-top:50px;\">\n\n        <div class=\"block-image\">\n            <img decoding=\"async\" src=\"https:\/\/bezaubernd.bayern\/wp-content\/uploads\/2026\/07\/brautkleid-melrose-milani-bezaubernd-weiden.jpg-scaled-960x1440.jpg\" class=\"desk-img\" alt=\"Desktop Version\">\n            <img decoding=\"async\" src=\"https:\/\/bezaubernd.bayern\/wp-content\/uploads\/2026\/07\/brautkleid-melrose-milani-bezaubernd-weiden.jpg-scaled-576x864.jpg\" class=\"mob-img\" alt=\"Mobile Version\">\n        <\/div>\n    <\/div>\n\n\n            <link rel=\"stylesheet\" type=\"text\/css\" href=\"https:\/\/bezaubernd.bayern\/wp-content\/themes\/boxed-theme\/includes\/blocks\/block_image\/style.css\">\n            <\/div>\n\n\n<div class=\"row block-354204312  row-small\">\n\n<div class=\"col col-12 col-lg-6 block-image\"style=\"padding-top:50px;\">\n\n        <div class=\"block-image\">\n            <img decoding=\"async\" src=\"https:\/\/bezaubernd.bayern\/wp-content\/uploads\/2026\/08\/abendkleid-glitzer-rosa-luxuar-weiden.jpg-960x960.jpg\" class=\"desk-img\" alt=\"Desktop Version\">\n            <img decoding=\"async\" src=\"https:\/\/bezaubernd.bayern\/wp-content\/uploads\/2026\/08\/abendkleid-glitzer-rosa-luxuar-weiden.jpg-576x576.jpg\" class=\"mob-img\" alt=\"Mobile Version\">\n        <\/div>\n    <\/div>\n\n\n            <link rel=\"stylesheet\" type=\"text\/css\" href=\"https:\/\/bezaubernd.bayern\/wp-content\/themes\/boxed-theme\/includes\/blocks\/block_image\/style.css\">\n            \n<div class=\"col col-12 col-lg-6 block-wysiwyg\">\n<div class=\"container-inhalt container-vertikal-oben\">\n    <h2  style=\"color:#735e37; text-align:left;\">Pro\u010d se ti vyplat\u00ed jet z Weidenu do Mitterteichu<\/h2>\n    <p data-path-to-node=\"8\">Pevn\u011b v\u011b\u0159\u00edme, \u017ee n\u00e1kup svatebn\u00edch \u0161at\u016f by m\u011bl b\u00fdt nezapomenuteln\u00fdm z\u00e1\u017eitkem. Proto nev\u011bst\u00e1m z cel\u00e9 Horn\u00ed Falce nab\u00edz\u00edme koncept, kter\u00fd se odli\u0161uje od klasick\u00e9ho svatebn\u00edho salonu:<\/p>\n<ul data-path-to-node=\"9\">\n<li>\n<p data-path-to-node=\"9,0,0\"><b data-path-to-node=\"9,0,0\" data-index-in-node=\"0\">Exkluzivn\u00ed soukrom\u00ed:<\/b> Kdy\u017e k n\u00e1m p\u0159ijedete z Weidenu, pln\u00e1 pozornost bude v\u011bnov\u00e1na v\u00e1m i va\u0161emu doprovodu. V na\u0161ich <strong>odd\u011blen\u00fdch \u0161aten<\/strong> existuje <strong>\u017e\u00e1dn\u00e9 zv\u011bdav\u00e9 pohledy<\/strong> a  \u017e\u00e1dn\u00ed ciz\u00ed div\u00e1ci \u2013 soust\u0159ed\u00edme se na tebe na 100 %.<\/p>\n<\/li>\n<li>\n<p data-path-to-node=\"9,1,0\"><b data-path-to-node=\"9,1,0\" data-index-in-node=\"0\">Rozmanitost od vintage a\u017e po curvy:<\/b> Ka\u017ed\u00e1 nev\u011bsta je kr\u00e1sn\u00e1, bez ohledu na svou konfek\u010dn\u00ed velikost. U n\u00e1s najdete s l\u00e1skou vybran\u00fd v\u00fdb\u011br <strong>Velikost 34 a\u017e 60<\/strong>. Ob flie\u00dfender <strong>Boho sen<\/strong>, romantick\u00fd <strong>Vintage styl<\/strong>, <strong>\u0161aty pro princeznu<\/strong> nebo modern\u00ed <strong>\u0161aty na \u00fa\u0159ad<\/strong> \u2013 m\u00e1me Tvoj\u00ed shodu.<\/p>\n<\/li>\n<li>\n<p data-path-to-node=\"9,2,0\"><b data-path-to-node=\"9,2,0\" data-index-in-node=\"0\">M\u00e1me zna\u010dky:<\/b> Krom\u011b jin\u00e9ho nab\u00edz\u00edme exkluzivn\u00ed a vysoce emocion\u00e1ln\u00ed designy od zn\u00e1m\u00fdch v\u00fdrobc\u016f (jako jsou <strong>Jarice<\/strong> nebo <strong>Bianco Evento<\/strong>), kter\u00e9 jsou zn\u00e1m\u00e9 tak\u00e9 svou vysokou kvalitou.<\/p>\n<\/li>\n<\/ul>\n\n    <div class=\"block-links\" style=\"width:100%; justify-content:flex-start;\"><a class=\"btn btn-primary  hero-link-first\" href=\"https:\/\/bezaubernd.bayern\/cs\/kollektionen\/abendkleider\/\" target=\"\">Najdi si sv\u00e9 spole\u010densk\u00e9 \u0161aty<\/a>\n    <\/div>\n<\/div><\/div>            <link rel=\"stylesheet\" type=\"text\/css\" href=\"https:\/\/bezaubernd.bayern\/wp-content\/themes\/boxed-theme\/includes\/blocks\/block_wysiwyg\/style.css\">\n            <\/div>\n\n\n<div class=\"row block-132022131  row-small\">\n\n<div class=\"col col-12 col-lg-6 block-wysiwyg\"style=\"padding-top:50px;\">\n<div class=\"container-inhalt container-vertikal-oben\">\n    <h2  style=\"color:#735e37; text-align:left;\">Od Max-Reger-m\u011bsta k vysn\u011bn\u00fdm \u0161at\u016fm: Va\u0161e cesta k n\u00e1m<\/h2>\n    <p data-path-to-node=\"12\">Cesta k tv\u00e9mu <strong>Svatebn\u00ed \u0161aty bl\u00edzko Weidenu<\/strong> je krat\u0161\u00ed, ne\u017e si mysl\u00ed\u0161. Z Weidenu se do na\u0161eho svatebn\u00edho sal\u00f3nu v Mitterteichu dostane\u0161 \u00fapln\u011b v pohod\u011b za <b data-path-to-node=\"12\" data-index-in-node=\"138\">necel\u00fdch 25 minut<\/b>:<\/p>\n<ol start=\"1\" data-path-to-node=\"13\">\n<li>\n<p data-path-to-node=\"13,0,0\">V Weiden prost\u011b najede\u0161 na <b data-path-to-node=\"13,0,0\" data-index-in-node=\"36\">A93 ve sm\u011bru na Hof<\/b>.<\/p>\n<\/li>\n<li>\n<p data-path-to-node=\"13,1,0\">Jed po d\u00e1lnici asi 35 kilometr\u016f a\u017e k <b data-path-to-node=\"13,1,0\" data-index-in-node=\"49\">V\u00fdjezd 17-Mitterteich-jih<\/b>.<\/p>\n<\/li>\n<li>\n<p data-path-to-node=\"13,2,0\">Je\u010f na <strong>B299<\/strong> a sledujte zna\u010den\u00ed do Mitterteichu.<\/p>\n<\/li>\n<\/ol>\n<p data-path-to-node=\"14\"><b data-path-to-node=\"14\" data-index-in-node=\"0\">V\u00e1\u0161 extra komfort:<\/b> Zapome\u0148te na otravn\u00e9 hled\u00e1n\u00ed parkovac\u00edho m\u00edsta v Weidenu a jeho okol\u00ed. P\u0159\u00edmo p\u0159ed na\u0161\u00edm obchodem na v\u00e1s \u010dekaj\u00ed <strong>bezplatn\u00e1 parkov\u00e1n\u00ed<\/strong> k dispozici. Tv\u00e1 cesta za\u010d\u00edn\u00e1 zcela bez stresu.<\/p>\n\n    <div class=\"block-links\" style=\"width:100%; justify-content:flex-start;\"><a class=\"btn btn-primary  hero-link-first\" href=\"https:\/\/bezaubernd.bayern\/cs\/kollektionen\/dirndl\/\" target=\"\">Najdi sv\u016fj dirndl<\/a>\n    <\/div>\n<\/div><\/div>            <link rel=\"stylesheet\" type=\"text\/css\" href=\"https:\/\/bezaubernd.bayern\/wp-content\/themes\/boxed-theme\/includes\/blocks\/block_wysiwyg\/style.css\">\n            \n<div class=\"col col-12 col-lg-6 block-image\"style=\"padding-top:50px;\">\n\n        <div class=\"block-image\">\n            <img decoding=\"async\" src=\"https:\/\/bezaubernd.bayern\/wp-content\/uploads\/2026\/08\/dirndl-krueger-festmode-weiden.jpg-scaled-960x1439.jpg\" class=\"desk-img\" alt=\"Desktop Version\">\n            <img decoding=\"async\" src=\"https:\/\/bezaubernd.bayern\/wp-content\/uploads\/2026\/08\/dirndl-krueger-festmode-weiden.jpg-scaled-576x863.jpg\" class=\"mob-img\" alt=\"Mobile Version\">\n        <\/div>\n    <\/div>\n\n\n            <link rel=\"stylesheet\" type=\"text\/css\" href=\"https:\/\/bezaubernd.bayern\/wp-content\/themes\/boxed-theme\/includes\/blocks\/block_image\/style.css\">\n            <\/div>\n\n\n<div class=\"row block-1823590641 rmt row-small\">\n\n<div class=\"col col-12 col-lg-12 block-wysiwyg\">\n<div class=\"container-inhalt container-vertikal-oben\">\n    <h2  style=\"color:#735e37; text-align:left;\">Svatba v Horn\u00ed Falci \u2013 Stylov\u011b slad\u011bno<\/h2>\n    <p>Nez\u00e1le\u017e\u00ed na tom, zda m\u00e1te civiln\u00ed ob\u0159ad v <strong>Star\u00e1 radnice ve Weidenu<\/strong> pl\u00e1nuje\u0161 velkou svatbu sn\u016f v <strong>Ud\u00e1losti ve vile<\/strong> slav\u00ed\u0161, svobodn\u00fd ob\u0159ad v <strong>Butterhof Weiden<\/strong> organizuje\u0161 nebo to <strong>KulturGut Oberpfalz<\/strong> vybere\u0161: Tvoje \u0161aty mus\u00ed ladit s tebou a tv\u00fdm m\u00edstem kon\u00e1n\u00ed.<\/p>\n<p>Krom\u011b klasick\u00e9 svatebn\u00ed m\u00f3dy nab\u00edz\u00edme v Mitterteichu \u0161irok\u00fd v\u00fdb\u011br pro ka\u017edou slavnostn\u00ed p\u0159\u00edle\u017eitost v regionu Weiden:<\/p>\n<ul>\n<li>\n<p data-path-to-node=\"16,0,0\"><b data-path-to-node=\"16,0,0\" data-index-in-node=\"0\">Svatebn\u00ed a tradi\u010dn\u00ed dirndl:<\/b> \u0160vih\u00e1k <strong>svatebn\u00ed dirndl<\/strong> ve v\u0161ech barv\u00e1ch nebo kvalitn\u00ed tradi\u010dn\u00ed kroje v u\u0161lechtil\u00fdch barv\u00e1ch na p\u0159\u00ed\u0161t\u00ed Kirwu.<\/p>\n<\/li>\n<li>\n<p data-path-to-node=\"16,1,0\"><b data-path-to-node=\"16,1,0\" data-index-in-node=\"0\">Pro \u010destn\u00e9 d\u00e1my &amp; spolky:<\/b> Kr\u00e1sn\u00e1 <strong>Slavnostn\u00ed d\u00e1msk\u00fd dirndl<\/strong>, perfektn\u011b slad\u011bn\u00e9 pro p\u0159\u00ed\u0161t\u00ed velk\u00e9 klubov\u00e9 v\u00fdro\u010d\u00ed nebo hasi\u010dsk\u00fd sv\u00e1tek v regionu Weiden a Neustadt.<\/p>\n<\/li>\n<li>\n<p data-path-to-node=\"16,2,0\"><b data-path-to-node=\"7,0,0\" data-index-in-node=\"0\">Ve\u010dern\u00ed \u0161aty a \u0161aty na maturitn\u00ed plesy:<\/b> Elegantn\u00ed <strong>Plesov\u00e9 \u0161aty<\/strong> a glam\u00f3zn\u00ed <strong>Ve\u010dern\u00ed m\u00f3da<\/strong> pro tv\u016fj maturitn\u00ed ples ve Weidenu, pro tv\u00e9 svatebn\u00ed hosty nebo pro svatebn\u00ed matku.<\/p>\n<\/li>\n<\/ul>\n<\/div><\/div>            <link rel=\"stylesheet\" type=\"text\/css\" href=\"https:\/\/bezaubernd.bayern\/wp-content\/themes\/boxed-theme\/includes\/blocks\/block_wysiwyg\/style.css\">\n            <\/div>\n\n\n<div class=\"row block-1886780172 rmt row-small\">\n\n<div class=\"col col-12 col-lg-12 block-wysiwyg\"style=\"padding-bottom:50px;\">\n<div class=\"container-inhalt container-vertikal-oben\">\n    <h2  style=\"color:#735e37; text-align:left;\">Zarezervuj si sv\u016fj exkluzivn\u00ed term\u00edn konzultace te\u010f<\/h2>\n    <p data-path-to-node=\"20\">Vydejme se spole\u010dn\u011b na hled\u00e1n\u00ed \u0161at\u016f, kter\u00e9 v\u00e1m vykouzl\u00ed \u00fasm\u011bv na tv\u00e1\u0159i. Jeliko\u017e pro ka\u017edou nev\u011bstu z Weidenu <strong>exkluzivn\u00ed doba poradenstv\u00ed<\/strong> blokovat, je <strong>Term\u00edn bezpodm\u00edne\u010dn\u011b nutn\u00fd \u2013 <\/strong>tak pat\u0159\u00ed cel\u00e1 \u0161atna ve tv\u00e9m momentu tob\u011b a tv\u00fdm obl\u00edben\u00fdm lidem \u00fapln\u011b sam\u00fdm.<\/p>\n<p data-path-to-node=\"21\">Vezmi sv\u00e9 nejbli\u017e\u0161\u00ed srdcov\u00e9 lidi, u\u017eij si <strong>dob\u0159e vychlazen\u00e9 sklenice sektu<\/strong> (nebo nealkoholickou alternativu) a za\u017eij nezapomenutelnou zkou\u0161ku v uvoln\u011bn\u00e9, soukrom\u00e9 atmosf\u00e9\u0159e.<\/p>\n\n    <div class=\"block-links\" style=\"width:100%; justify-content:center;\"><a class=\"btn btn-primary  hero-link-first\" href=\"http:\/\/bezaubernd.bayern\/cs\/kontakt\/#wpcf7-f2899-p2764-o1\" target=\"\">Na po\u017eadovan\u00fd term\u00edn<\/a><a class=\"btn btn-small hero-link-second\" href=\"https:\/\/wa.me\/+491733537401\" target=\"\"><img decoding=\"async\" src=\"https:\/\/bezaubernd.bayern\/wp-content\/uploads\/2025\/12\/whatsapp-brands-solid-full-1.svg\"><\/a>\n    <\/div>\n<\/div><\/div>            <link rel=\"stylesheet\" type=\"text\/css\" href=\"https:\/\/bezaubernd.bayern\/wp-content\/themes\/boxed-theme\/includes\/blocks\/block_wysiwyg\/style.css\">\n            <\/div>\n\n\n<div class=\"row block-1143970258  row-small\">\n\n<div class=\"col col-12 col-lg-12 block-html\"style=\"padding-bottom:50px;\">\n<!-- Placeholder -->\r\n<div id=\"google-maps-placeholder\" style=\"width:100%; height:450px; background:#eee; display:flex; align-items:center; justify-content:center; flex-direction:column; border:1px solid #ccc;\">\r\n  <p>Chcete-li zobrazit tento kan\u00e1l, povolte pros\u00edm Google Maps v \r\n    <a href=\"javascript:CCM.openWidget();\">Nastaven\u00ed soubor\u016f cookie<\/a>\r\n  <\/p>\r\n<\/div>\r\n\r\n<!-- iframe -->\r\n<iframe id=\"google-maps-iframe\"\r\n  data-src=\"https:\/\/www.google.com\/maps\/embed?pb=!1m18!1m12!1m3!1d2567.186441032806!2d12.241218776827589!3d49.95160502315593!2m3!1f0!2f0!3f0!3m2!1i1024!2i768!4f13.1!3m3!1m2!1s0x47a0598bb79f993d%3A0x6998cf9d410357c9!2sOberer%20Marktpl.%203%2C%2095666%20Mitterteich!5e0!3m2!1sde!2sde!4v1770623051906!5m2!1sde!2sde\"\r\n  data-ccm-blocked=\"Google Maps\"\r\n  width=\"100%\" height=\"450\" style=\"border:0; display:none;\"\r\n  allowfullscreen=\"\" loading=\"lazy\">\r\n<\/iframe><\/div><\/div>\n\n\n<div class=\"row block-957636528\">\n<\/div>\n\n\n<div class=\"row block-1099583193\">\n<\/div>\n\n\n<div class=\"row block-1650927072\">\n<\/div>\n\n\n<div class=\"row block-985596452\">\n<\/div>\n\n\n<div class=\"row block-1040317397\">\n<\/div>\n\n\n<div class=\"row block-415741024\">\n<\/div>\n\n\n<div class=\"row block-1968243308\">\n<\/div>\n\n\n<div class=\"row block-1328114838\">\n<\/div>","protected":false},"excerpt":{"rendered":"","protected":false},"author":12,"featured_media":0,"parent":0,"menu_order":0,"comment_status":"closed","ping_status":"closed","template":"page-home.php","meta":{"_acf_changed":true,"footnotes":""},"class_list":["post-4137","page","type-page","status-publish","hentry"],"acf":[],"yoast_head":"<!-- This site is optimized with the Yoast SEO plugin v28.2 - https:\/\/yoast.com\/product\/yoast-seo-wordpress\/ -->\n<title>Brautkleider, Dirndl &amp; Abendmode nahe Weiden | bezaubernd<\/title>\n<meta name=\"description\" content=\"Perfektes Brautkleid in Weiden gesucht? Entdecke exklusive Brautmode, Dirndl &amp; Abendkleider bei bezaubernd in Deiner N\u00e4he. Klicke hier zum Wunschtermin!\" \/>\n<meta name=\"robots\" content=\"index, follow, max-snippet:-1, max-image-preview:large, max-video-preview:-1\" \/>\n<link rel=\"canonical\" href=\"https:\/\/bezaubernd.bayern\/cs\/brautkleider-weiden\/\" \/>\n<meta property=\"og:locale\" content=\"cs_CZ\" \/>\n<meta property=\"og:type\" content=\"article\" \/>\n<meta property=\"og:title\" content=\"Brautkleider, Dirndl &amp; Abendmode nahe Weiden | bezaubernd\" \/>\n<meta property=\"og:description\" content=\"Perfektes Brautkleid in Weiden gesucht? Entdecke exklusive Brautmode, Dirndl &amp; Abendkleider bei bezaubernd in Deiner N\u00e4he. Klicke hier zum Wunschtermin!\" \/>\n<meta property=\"og:url\" content=\"https:\/\/bezaubernd.bayern\/cs\/brautkleider-weiden\/\" \/>\n<meta property=\"og:site_name\" content=\"Bezaubernd Bayern\" \/>\n<meta property=\"article:modified_time\" content=\"2026-08-04T17:04:19+00:00\" \/>\n<meta name=\"twitter:card\" content=\"summary_large_image\" \/>\n<script type=\"application\/ld+json\" class=\"yoast-schema-graph\">{\"@context\":\"https:\\\/\\\/schema.org\",\"@graph\":[{\"@type\":\"WebPage\",\"@id\":\"https:\\\/\\\/bezaubernd.bayern\\\/brautkleider-weiden\\\/\",\"url\":\"https:\\\/\\\/bezaubernd.bayern\\\/brautkleider-weiden\\\/\",\"name\":\"Brautkleider, Dirndl & Abendmode nahe Weiden | bezaubernd\",\"isPartOf\":{\"@id\":\"https:\\\/\\\/bezaubernd.bayern\\\/#website\"},\"datePublished\":\"2026-07-18T07:57:35+00:00\",\"dateModified\":\"2026-08-04T17:04:19+00:00\",\"description\":\"Perfektes Brautkleid in Weiden gesucht? Entdecke exklusive Brautmode, Dirndl & Abendkleider bei bezaubernd in Deiner N\u00e4he. Klicke hier zum Wunschtermin!\",\"breadcrumb\":{\"@id\":\"https:\\\/\\\/bezaubernd.bayern\\\/brautkleider-weiden\\\/#breadcrumb\"},\"inLanguage\":\"cs\",\"potentialAction\":[{\"@type\":\"ReadAction\",\"target\":[\"https:\\\/\\\/bezaubernd.bayern\\\/brautkleider-weiden\\\/\"]}]},{\"@type\":\"BreadcrumbList\",\"@id\":\"https:\\\/\\\/bezaubernd.bayern\\\/brautkleider-weiden\\\/#breadcrumb\",\"itemListElement\":[{\"@type\":\"ListItem\",\"position\":1,\"name\":\"Startseite\",\"item\":\"https:\\\/\\\/bezaubernd.bayern\\\/\"},{\"@type\":\"ListItem\",\"position\":2,\"name\":\"Brautkleider Weiden\"}]},{\"@type\":\"WebSite\",\"@id\":\"https:\\\/\\\/bezaubernd.bayern\\\/#website\",\"url\":\"https:\\\/\\\/bezaubernd.bayern\\\/\",\"name\":\"Bezaubernd Bayern\",\"description\":\"f\u00fcr Dein Traumkleid, Deinen Moment und Dein Strahlen\",\"potentialAction\":[{\"@type\":\"SearchAction\",\"target\":{\"@type\":\"EntryPoint\",\"urlTemplate\":\"https:\\\/\\\/bezaubernd.bayern\\\/?s={search_term_string}\"},\"query-input\":{\"@type\":\"PropertyValueSpecification\",\"valueRequired\":true,\"valueName\":\"search_term_string\"}}],\"inLanguage\":\"cs\"}]}<\/script>\n<!-- \/ Yoast SEO plugin. -->","yoast_head_json":{"title":"Brautkleider, Dirndl & Abendmode nahe Weiden | bezaubernd","description":"Perfektes Brautkleid in Weiden gesucht? Entdecke exklusive Brautmode, Dirndl & Abendkleider bei bezaubernd in Deiner N\u00e4he. Klicke hier zum Wunschtermin!","robots":{"index":"index","follow":"follow","max-snippet":"max-snippet:-1","max-image-preview":"max-image-preview:large","max-video-preview":"max-video-preview:-1"},"canonical":"https:\/\/bezaubernd.bayern\/cs\/brautkleider-weiden\/","og_locale":"cs_CZ","og_type":"article","og_title":"Brautkleider, Dirndl & Abendmode nahe Weiden | bezaubernd","og_description":"Perfektes Brautkleid in Weiden gesucht? Entdecke exklusive Brautmode, Dirndl & Abendkleider bei bezaubernd in Deiner N\u00e4he. Klicke hier zum Wunschtermin!","og_url":"https:\/\/bezaubernd.bayern\/cs\/brautkleider-weiden\/","og_site_name":"Bezaubernd Bayern","article_modified_time":"2026-08-04T17:04:19+00:00","twitter_card":"summary_large_image","schema":{"@context":"https:\/\/schema.org","@graph":[{"@type":"WebPage","@id":"https:\/\/bezaubernd.bayern\/brautkleider-weiden\/","url":"https:\/\/bezaubernd.bayern\/brautkleider-weiden\/","name":"Brautkleider, Dirndl & Abendmode nahe Weiden | bezaubernd","isPartOf":{"@id":"https:\/\/bezaubernd.bayern\/#website"},"datePublished":"2026-07-18T07:57:35+00:00","dateModified":"2026-08-04T17:04:19+00:00","description":"Perfektes Brautkleid in Weiden gesucht? Entdecke exklusive Brautmode, Dirndl & Abendkleider bei bezaubernd in Deiner N\u00e4he. Klicke hier zum Wunschtermin!","breadcrumb":{"@id":"https:\/\/bezaubernd.bayern\/brautkleider-weiden\/#breadcrumb"},"inLanguage":"cs","potentialAction":[{"@type":"ReadAction","target":["https:\/\/bezaubernd.bayern\/brautkleider-weiden\/"]}]},{"@type":"BreadcrumbList","@id":"https:\/\/bezaubernd.bayern\/brautkleider-weiden\/#breadcrumb","itemListElement":[{"@type":"ListItem","position":1,"name":"Startseite","item":"https:\/\/bezaubernd.bayern\/"},{"@type":"ListItem","position":2,"name":"Brautkleider Weiden"}]},{"@type":"WebSite","@id":"https:\/\/bezaubernd.bayern\/#website","url":"https:\/\/bezaubernd.bayern\/","name":"O\u010daruj\u00edc\u00ed Bavorsko","description":"f\u00fcr Dein Traumkleid, Deinen Moment und Dein Strahlen","potentialAction":[{"@type":"SearchAction","target":{"@type":"EntryPoint","urlTemplate":"https:\/\/bezaubernd.bayern\/?s={search_term_string}"},"query-input":{"@type":"PropertyValueSpecification","valueRequired":true,"valueName":"search_term_string"}}],"inLanguage":"cs"}]}},"_links":{"self":[{"href":"https:\/\/bezaubernd.bayern\/cs\/wp-json\/wp\/v2\/pages\/4137","targetHints":{"allow":["GET"]}}],"collection":[{"href":"https:\/\/bezaubernd.bayern\/cs\/wp-json\/wp\/v2\/pages"}],"about":[{"href":"https:\/\/bezaubernd.bayern\/cs\/wp-json\/wp\/v2\/types\/page"}],"author":[{"embeddable":true,"href":"https:\/\/bezaubernd.bayern\/cs\/wp-json\/wp\/v2\/users\/12"}],"replies":[{"embeddable":true,"href":"https:\/\/bezaubernd.bayern\/cs\/wp-json\/wp\/v2\/comments?post=4137"}],"version-history":[{"count":0,"href":"https:\/\/bezaubernd.bayern\/cs\/wp-json\/wp\/v2\/pages\/4137\/revisions"}],"wp:attachment":[{"href":"https:\/\/bezaubernd.bayern\/cs\/wp-json\/wp\/v2\/media?parent=4137"}],"curies":[{"name":"wp","href":"https:\/\/api.w.org\/{rel}","templated":true}]}}