
{"id":2752,"date":"2025-12-17T13:35:15","date_gmt":"2025-12-17T12:35:15","guid":{"rendered":"http:\/\/bezaubernd.bayern\/?page_id=2752"},"modified":"2026-03-19T10:59:10","modified_gmt":"2026-03-19T09:59:10","slug":"teilnahmebedingungen","status":"publish","type":"page","link":"https:\/\/bezaubernd.bayern\/cs\/teilnahmebedingungen\/","title":{"rendered":"Podm\u00ednky \u00fa\u010dasti"},"content":{"rendered":"<div class=\"row block-205335611\">\n<\/div>\n\n\n<div class=\"row block-1189352112\">\n\n<div class=\"col col-12 col-lg-12 block-wysiwyg\">\n<div class=\"container-inhalt container-vertikal-oben\">\n    <h1  style=\"color:#735e37; text-align:left;\">Podm\u00ednky \u00fa\u010dasti<\/h1>\n    <header class=\"\">\n<h4>1. P\u0159edm\u011bt podm\u00ednek \u00fa\u010dasti a po\u0159adatel<\/h4>\n<p>(1) Tyto podm\u00ednky \u00fa\u010dasti upravuj\u00ed podm\u00ednky \u00fa\u010dasti v sout\u011b\u017ei a p\u0159\u00edpadn\u011b i nutn\u00fd p\u0159evod pr\u00e1v. Popis a pr\u016fb\u011bh p\u0159\u00edslu\u0161n\u00e9 sout\u011b\u017ee jsou uvedeny v r\u00e1mci p\u0159\u00edslu\u0161n\u00e9 sout\u011b\u017en\u00ed akce na Facebookov\u00e9 str\u00e1nce bezaubernd.bayern.<\/p>\n<p>(2) Po\u0159adatelem sout\u011b\u017ee je bezaubernd.bayern; Melanie Schultes, Oberer Marktplatz 3; 95666 Mitterteich.<\/p>\n<p>(3) \u00da\u010dast\u00ed v p\u0159\u00edslu\u0161n\u00e9 sout\u011b\u017ei se p\u0159ij\u00edmaj\u00ed tyto podm\u00ednky \u00fa\u010dasti.<\/p>\n<p>(4) Sout\u011b\u017e nen\u00ed \u017e\u00e1dn\u00fdm zp\u016fsobem spojena se spole\u010dnost\u00ed Facebook a nen\u00ed od n\u00ed sponsorov\u00e1na, podporov\u00e1na ani organizov\u00e1na.<\/p>\n<h4>2. \u00da\u010dast<\/h4>\n<p>(1) \u00da\u010dastnit se sout\u011b\u017ee mohou v\u0161echny osoby, kter\u00e9 dovr\u0161ily v\u011bk 16 let a maj\u00ed trval\u00fd pobyt v N\u011bmecku. Vylou\u010deni jsou zam\u011bstnanci spole\u010dnosti bezaubernd.bayern a s n\u00ed spojen\u00fdch spole\u010dnost\u00ed, jako\u017e i rodinn\u00ed p\u0159\u00edslu\u0161n\u00edci takov\u00fdch zam\u011bstnanc\u016f a jejich p\u0159\u00edbuzn\u00ed. \u00da\u010dast s fale\u0161n\u00fdmi identitami nebo s identitami t\u0159et\u00edch osob nen\u00ed povolena.<\/p>\n<p>(2) Opr\u00e1vn\u011bn\u00ed \u00fa\u010dastn\u00edci se mohou sout\u011b\u017ee \u00fa\u010dastnit tak, \u017ee ozna\u010d\u00ed sout\u011b\u017en\u00ed p\u0159\u00edsp\u011bvek \u201eTo se mi l\u00edb\u00ed\u201c a toto hodnocen\u00ed ponechaj\u00ed minim\u00e1ln\u011b do v\u00fdb\u011bru v\u00fdherc\u016f.<\/p>\n<p>Dal\u0161\u00ed podm\u00ednkou je d\u00e1t \u201eL\u00edb\u00ed se mi\u201c str\u00e1nce \u201ebezaubernd.bayern\u201c na Facebooku a tuto recenzi ponechat minim\u00e1ln\u011b do v\u00fdb\u011bru v\u00fdherc\u016f.<\/p>\n<p>D\u00e1le je t\u0159eba pod p\u0159\u00edsp\u011bvkem ozna\u010dit 2 \u201ep\u0159\u00e1tele\u201c (zadat \u201e@\u201c a jm\u00e9no), kte\u0159\u00ed by se rovn\u011b\u017e m\u011bli sout\u011b\u017ee z\u00fa\u010dastnit.<\/p>\n<p>\u00da\u010dast je mo\u017en\u00e1 do 31.08.2018.<\/p>\n<h4>3. V\u00fdhry a ozn\u00e1men\u00ed o v\u00fdh\u0159e<\/h4>\n<p>(1) Mezi v\u0161emi opr\u00e1vn\u011bn\u00fdmi \u00fa\u010dastn\u00edky vylosujeme poukaz \u201ebezaubernd\u201c v hodnot\u011b 100 \u20ac.<\/p>\n<p>(2) V\u00fdherci budou vylosov\u00e1ni n\u00e1hodn\u011b ze v\u0161ech opr\u00e1vn\u011bn\u00fdch \u00fa\u010dastn\u00edk\u016f do jednoho t\u00fddne od skon\u010den\u00ed sout\u011b\u017ee. V\u00fdherci budou vyrozum\u011bni prost\u0159ednictv\u00edm funkce koment\u00e1\u0159\u016f na Facebooku nebo v samostatn\u00e9m p\u0159\u00edsp\u011bvku a vyzv\u00e1ni k odesl\u00e1n\u00ed e-mailu na tam uvedenou e-mailovou adresu, ve kter\u00e9m \u0159\u00e1dn\u011b, pravdiv\u011b a \u00fapln\u011b uvedou sv\u00e9 osobn\u00ed \u00fadaje. Tyto \u00fadaje slou\u017e\u00ed k odesl\u00e1n\u00ed v\u00fdhry.<\/p>\n<p>(3) Pokud od v\u00fdherce do uplynut\u00ed stanoven\u00e9 lh\u016fty neobdr\u017e\u00edme e-mail, n\u00e1rok na v\u00fdhru zanik\u00e1. V takov\u00e9m p\u0159\u00edpad\u011b jsme opr\u00e1vn\u011bni prov\u00e9st n\u00e1hradn\u00ed losov\u00e1n\u00ed.<\/p>\n<p>Ka\u017ed\u00fd \u00fa\u010dastn\u00edk m\u016f\u017ee vyhr\u00e1t pouze jednu cenu.<\/p>\n<p>(4) V\u00fdhra je nep\u0159enosn\u00e1 a nelze ji vym\u011bnit ani vyplatit v hotovosti.<\/p>\n<p>(5) Pokud nastanou okolnosti, kter\u00e9 neodpov\u00edd\u00e1me, akceptuje p\u0159\u00edslu\u0161n\u00fd v\u00fdherce p\u0159im\u011b\u0159enou n\u00e1hradn\u00ed v\u00fdhru. Takov\u00e9 okolnosti, za kter\u00e9 neodpov\u00edd\u00e1me, jsou zejm\u00e9na ty, kter\u00e9 jsou na stran\u011b sponzor\u016f v\u00fdher.<\/p>\n<p>(6) V\u00fdhry budou v\u00fdherci zasl\u00e1ny po\u0161tou na zadanou adresu. S p\u0159ed\u00e1n\u00edm v\u00fdhry p\u0159epravn\u00ed osob\u011b p\u0159ech\u00e1z\u00ed nebezpe\u010d\u00ed na v\u00fdherce. Za \u0161kody vznikl\u00e9 p\u0159i p\u0159eprav\u011b neneseme odpov\u011bdnost.<\/p>\n<h4>4. Poskytnut\u00ed pr\u00e1va u\u017eit\u00ed<\/h4>\n<p>(1) P\u0159ijet\u00edm v\u00fdhry v\u00fdherce souhlas\u00ed s t\u00edm, \u017ee m\u016f\u017eeme jeho jm\u00e9no pou\u017e\u00edt k propaga\u010dn\u00edm \u00fa\u010del\u016fm.<\/p>\n<h4>5. Odpov\u011bdnost a od\u0161kodn\u011bn\u00ed<\/h4>\n<p>Pokud \u00fa\u010dastn\u00edk nahr\u00e1v\u00e1 fotografie, zaru\u010duje, \u017ee nebude odes\u00edlat \u017e\u00e1dn\u00fd obsah, jeho\u017e poskytnut\u00ed, zve\u0159ejn\u011bn\u00ed nebo u\u017eit\u00ed poru\u0161uje platn\u00e9 pr\u00e1vo nebo pr\u00e1va t\u0159et\u00edch stran.<\/p>\n<p>(2) \u00da\u010dastn\u00edk n\u00e1s zbavuje n\u00e1rok\u016f t\u0159et\u00edch stran jak\u00e9hokoli druhu, kter\u00e9 vypl\u00fdvaj\u00ed z protipr\u00e1vnosti fotografi\u00ed, kter\u00e9 \u00fa\u010dastn\u00edk pou\u017eil. Zpro\u0161t\u011bn\u00ed povinnosti k n\u00e1hrad\u011b \u0161kody zahrnuje rovn\u011b\u017e povinnost pln\u011b zbavit po\u0159adatele n\u00e1klad\u016f na pr\u00e1vn\u00ed obranu (nap\u0159. soudn\u00edch v\u00fdloh a odm\u011bn advok\u00e1t\u016f).<\/p>\n<p>(3) \u00da\u010dast\u00ed v sout\u011b\u017ei \u00fa\u010dastn\u00edk zbavuje Facebook ve\u0161ker\u00e9 odpov\u011bdnosti.<\/p>\n<h4>6. Vylou\u010den\u00ed<\/h4>\n<p>(1) Poru\u0161en\u00ed t\u011bchto podm\u00ednek \u00fa\u010dasti n\u00e1s opr\u00e1v\u0148uje vylou\u010dit p\u0159\u00edslu\u0161n\u00e9ho \u00fa\u010dastn\u00edka z \u00fa\u010dasti. To plat\u00ed zejm\u00e9na v p\u0159\u00edpad\u011b, \u017ee \u00fa\u010dastn\u00edk uvede nepravdiv\u00e9 \u00fadaje nebo pokud pou\u017eit\u00e9 fotografie \u010di jin\u00fd obsah (nap\u0159. koment\u00e1\u0159e) poru\u0161uj\u00ed platn\u00e9 pr\u00e1vo nebo pr\u00e1va t\u0159et\u00edch stran. Tot\u00e9\u017e plat\u00ed pro koment\u00e1\u0159e, kter\u00e9 lze pova\u017eovat za oslavuj\u00edc\u00ed n\u00e1sil\u00ed, ur\u00e1\u017eliv\u00e9, obt\u011b\u017euj\u00edc\u00ed \u010di poni\u017euj\u00edc\u00ed nebo kter\u00e9 jinak poru\u0161uj\u00ed z\u00e1sady slu\u0161n\u00e9ho chov\u00e1n\u00ed ve spole\u010dnosti.<\/p>\n<p>(2) Jedn\u00e1-li se v p\u0159\u00edpad\u011b vylou\u010den\u00e9ho \u00fa\u010dastn\u00edka o ji\u017e vylosovan\u00e9ho v\u00fdherce, m\u016f\u017ee mu b\u00fdt v\u00fdhra dodate\u010dn\u011b od\u0148ata.<\/p>\n<h4>7. P\u0159ed\u010dasn\u00e9 ukon\u010den\u00ed a zm\u011bny<\/h4>\n<p>Vyhrazujeme si pr\u00e1vo sout\u011b\u017e kdykoli, a to i bez dodr\u017een\u00ed lh\u016ft, zcela nebo \u010d\u00e1ste\u010dn\u011b p\u0159ed\u010dasn\u011b ukon\u010dit nebo jej\u00ed pr\u016fb\u011bh zm\u011bnit, pokud z technick\u00fdch (nap\u0159. po\u010d\u00edta\u010dov\u00fd vir, manipulace s, nebo chyby v software\/hardware) nebo pr\u00e1vn\u00edch d\u016fvod\u016f (nap\u0159. z\u00e1kaz ze strany Facebooku) nen\u00ed mo\u017en\u00e9 zaru\u010dit \u0159\u00e1dn\u00fd pr\u016fb\u011bh sout\u011b\u017ee.<\/p>\n<h4>8. Ochrana osobn\u00edch \u00fadaj\u016f<\/h4>\n<p>Jsme odpov\u011bdn\u00ed za shroma\u017e\u010fov\u00e1n\u00ed, zpracov\u00e1n\u00ed a pou\u017e\u00edv\u00e1n\u00ed osobn\u00edch \u00fadaj\u016f \u00fa\u010dastn\u00edk\u016f, pokud tyto \u00fadaje zpracov\u00e1v\u00e1me sami. \u00dadaje o \u00fa\u010dastn\u00edkovi a jeho dal\u0161\u00ed osobn\u00ed \u00fadaje budeme pou\u017e\u00edvat pouze v r\u00e1mci z\u00e1konn\u00fdch ustanoven\u00ed z\u00e1kona o ochran\u011b osobn\u00edch \u00fadaj\u016f. Tyto informace budeme ukl\u00e1dat, zpracov\u00e1vat a pou\u017e\u00edvat pouze v rozsahu, kter\u00fd je nezbytn\u00fd pro proveden\u00ed sout\u011b\u017ee, p\u0159\u00edpadn\u011b na z\u00e1klad\u011b souhlasu \u00fa\u010dastn\u00edka. To zahrnuje tak\u00e9 pou\u017eit\u00ed k v\u00fdkonu poskytnut\u00fdch pr\u00e1va k u\u017eit\u00ed. \u00dadaje budou pou\u017eity v\u00fdhradn\u011b k proveden\u00ed sout\u011b\u017ee a n\u00e1sledn\u011b vymaz\u00e1ny.<\/p>\n<p>\u00da\u010dastn\u00edk m\u016f\u017ee kdykoliv po\u017e\u00e1dat o informaci o sv\u00fdch osobn\u00edch \u00fadaj\u00edch, kter\u00e9 jsou o n\u011bm ulo\u017eeny. Jinak se p\u0159im\u011b\u0159en\u011b pou\u017eije na\u0161e prohl\u00e1\u0161en\u00ed o ochran\u011b osobn\u00edch \u00fadaj\u016f, kter\u00e9 je k dispozici na adrese www.bezaubernd.bayern.<\/p>\n<h4>9. Z\u00e1v\u011bre\u010dn\u00e1 ustanoven\u00ed<\/h4>\n<p>(1) Pokud by \u00fa\u010dastensk\u00e9 podm\u00ednky obsahovaly neplatn\u00e1 ujedn\u00e1n\u00ed, z\u016fst\u00e1v\u00e1 platnost podm\u00ednek jinak nedot\u010dena.<\/p>\n<p>(2) Plat\u00ed n\u011bmeck\u00e9 pr\u00e1vo. Soudn\u00ed p\u0159ezkum losov\u00e1n\u00ed je vylou\u010den.<\/p>\n<\/header>\n<\/div><\/div>            <link rel=\"stylesheet\" type=\"text\/css\" href=\"https:\/\/bezaubernd.bayern\/wp-content\/themes\/boxed-theme\/includes\/blocks\/block_wysiwyg\/style.css\">\n            <\/div>","protected":false},"excerpt":{"rendered":"","protected":false},"author":3,"featured_media":0,"parent":0,"menu_order":0,"comment_status":"closed","ping_status":"closed","template":"page-standard.php","meta":{"_acf_changed":false,"footnotes":""},"class_list":["post-2752","page","type-page","status-publish","hentry"],"acf":[],"yoast_head":"<!-- This site is optimized with the Yoast SEO plugin v28.2 - https:\/\/yoast.com\/product\/yoast-seo-wordpress\/ -->\n<title>Teilnahmebedingungen - Bezaubernd Bayern<\/title>\n<meta name=\"robots\" content=\"index, follow, max-snippet:-1, max-image-preview:large, max-video-preview:-1\" \/>\n<link rel=\"canonical\" href=\"https:\/\/bezaubernd.bayern\/cs\/teilnahmebedingungen\/\" \/>\n<meta property=\"og:locale\" content=\"cs_CZ\" \/>\n<meta property=\"og:type\" content=\"article\" \/>\n<meta property=\"og:title\" content=\"Teilnahmebedingungen - Bezaubernd Bayern\" \/>\n<meta property=\"og:url\" content=\"https:\/\/bezaubernd.bayern\/cs\/teilnahmebedingungen\/\" \/>\n<meta property=\"og:site_name\" content=\"Bezaubernd Bayern\" \/>\n<meta property=\"article:modified_time\" content=\"2026-03-19T09:59:10+00:00\" \/>\n<meta name=\"twitter:card\" content=\"summary_large_image\" \/>\n<script type=\"application\/ld+json\" class=\"yoast-schema-graph\">{\"@context\":\"https:\\\/\\\/schema.org\",\"@graph\":[{\"@type\":\"WebPage\",\"@id\":\"https:\\\/\\\/bezaubernd.bayern\\\/teilnahmebedingungen\\\/\",\"url\":\"https:\\\/\\\/bezaubernd.bayern\\\/teilnahmebedingungen\\\/\",\"name\":\"Teilnahmebedingungen - Bezaubernd Bayern\",\"isPartOf\":{\"@id\":\"https:\\\/\\\/bezaubernd.bayern\\\/#website\"},\"datePublished\":\"2025-12-17T12:35:15+00:00\",\"dateModified\":\"2026-03-19T09:59:10+00:00\",\"breadcrumb\":{\"@id\":\"https:\\\/\\\/bezaubernd.bayern\\\/teilnahmebedingungen\\\/#breadcrumb\"},\"inLanguage\":\"cs\",\"potentialAction\":[{\"@type\":\"ReadAction\",\"target\":[\"https:\\\/\\\/bezaubernd.bayern\\\/teilnahmebedingungen\\\/\"]}]},{\"@type\":\"BreadcrumbList\",\"@id\":\"https:\\\/\\\/bezaubernd.bayern\\\/teilnahmebedingungen\\\/#breadcrumb\",\"itemListElement\":[{\"@type\":\"ListItem\",\"position\":1,\"name\":\"Startseite\",\"item\":\"https:\\\/\\\/bezaubernd.bayern\\\/\"},{\"@type\":\"ListItem\",\"position\":2,\"name\":\"Teilnahmebedingungen\"}]},{\"@type\":\"WebSite\",\"@id\":\"https:\\\/\\\/bezaubernd.bayern\\\/#website\",\"url\":\"https:\\\/\\\/bezaubernd.bayern\\\/\",\"name\":\"Bezaubernd Bayern\",\"description\":\"f\u00fcr Dein Traumkleid, Deinen Moment und Dein Strahlen\",\"potentialAction\":[{\"@type\":\"SearchAction\",\"target\":{\"@type\":\"EntryPoint\",\"urlTemplate\":\"https:\\\/\\\/bezaubernd.bayern\\\/?s={search_term_string}\"},\"query-input\":{\"@type\":\"PropertyValueSpecification\",\"valueRequired\":true,\"valueName\":\"search_term_string\"}}],\"inLanguage\":\"cs\"}]}<\/script>\n<!-- \/ Yoast SEO plugin. -->","yoast_head_json":{"title":"Teilnahmebedingungen - Bezaubernd Bayern","robots":{"index":"index","follow":"follow","max-snippet":"max-snippet:-1","max-image-preview":"max-image-preview:large","max-video-preview":"max-video-preview:-1"},"canonical":"https:\/\/bezaubernd.bayern\/cs\/teilnahmebedingungen\/","og_locale":"cs_CZ","og_type":"article","og_title":"Teilnahmebedingungen - Bezaubernd Bayern","og_url":"https:\/\/bezaubernd.bayern\/cs\/teilnahmebedingungen\/","og_site_name":"Bezaubernd Bayern","article_modified_time":"2026-03-19T09:59:10+00:00","twitter_card":"summary_large_image","schema":{"@context":"https:\/\/schema.org","@graph":[{"@type":"WebPage","@id":"https:\/\/bezaubernd.bayern\/teilnahmebedingungen\/","url":"https:\/\/bezaubernd.bayern\/teilnahmebedingungen\/","name":"Teilnahmebedingungen - Bezaubernd Bayern","isPartOf":{"@id":"https:\/\/bezaubernd.bayern\/#website"},"datePublished":"2025-12-17T12:35:15+00:00","dateModified":"2026-03-19T09:59:10+00:00","breadcrumb":{"@id":"https:\/\/bezaubernd.bayern\/teilnahmebedingungen\/#breadcrumb"},"inLanguage":"cs","potentialAction":[{"@type":"ReadAction","target":["https:\/\/bezaubernd.bayern\/teilnahmebedingungen\/"]}]},{"@type":"BreadcrumbList","@id":"https:\/\/bezaubernd.bayern\/teilnahmebedingungen\/#breadcrumb","itemListElement":[{"@type":"ListItem","position":1,"name":"Startseite","item":"https:\/\/bezaubernd.bayern\/"},{"@type":"ListItem","position":2,"name":"Teilnahmebedingungen"}]},{"@type":"WebSite","@id":"https:\/\/bezaubernd.bayern\/#website","url":"https:\/\/bezaubernd.bayern\/","name":"O\u010daruj\u00edc\u00ed Bavorsko","description":"f\u00fcr Dein Traumkleid, Deinen Moment und Dein Strahlen","potentialAction":[{"@type":"SearchAction","target":{"@type":"EntryPoint","urlTemplate":"https:\/\/bezaubernd.bayern\/?s={search_term_string}"},"query-input":{"@type":"PropertyValueSpecification","valueRequired":true,"valueName":"search_term_string"}}],"inLanguage":"cs"}]}},"_links":{"self":[{"href":"https:\/\/bezaubernd.bayern\/cs\/wp-json\/wp\/v2\/pages\/2752","targetHints":{"allow":["GET"]}}],"collection":[{"href":"https:\/\/bezaubernd.bayern\/cs\/wp-json\/wp\/v2\/pages"}],"about":[{"href":"https:\/\/bezaubernd.bayern\/cs\/wp-json\/wp\/v2\/types\/page"}],"author":[{"embeddable":true,"href":"https:\/\/bezaubernd.bayern\/cs\/wp-json\/wp\/v2\/users\/3"}],"replies":[{"embeddable":true,"href":"https:\/\/bezaubernd.bayern\/cs\/wp-json\/wp\/v2\/comments?post=2752"}],"version-history":[{"count":0,"href":"https:\/\/bezaubernd.bayern\/cs\/wp-json\/wp\/v2\/pages\/2752\/revisions"}],"wp:attachment":[{"href":"https:\/\/bezaubernd.bayern\/cs\/wp-json\/wp\/v2\/media?parent=2752"}],"curies":[{"name":"wp","href":"https:\/\/api.w.org\/{rel}","templated":true}]}}